{"id":22547,"date":"2024-07-22T17:06:17","date_gmt":"2024-07-22T13:06:17","guid":{"rendered":"https:\/\/trendsresearch.org\/?post_type=product&#038;p=22547"},"modified":"2024-10-10T13:20:57","modified_gmt":"2024-10-10T09:20:57","slug":"index-de-la-puissance-globale-des-freres-musulmans","status":"publish","type":"product","link":"https:\/\/trendsresearch.org\/fr\/publication\/index-de-la-puissance-globale-des-freres-musulmans\/","title":{"rendered":"INDEX DE LA PUISSANCE GLOBALE DES FR\u00c8RES MUSULMANS"},"content":{"rendered":"Les FM ont continu\u00e9 \u00e0 confronter des revers qui les ont affaiblis encore davantage, notamment pour les raisons suivantes :\r\n<ul>\r\n \t<li style=\"list-style-type: none;\">\r\n<ul>\r\n \t<li>Il y a eu une r\u00e9gression, plus prononc\u00e9e que jamais, de l\u2019influence m\u00e9diatique et mobilisatrice des FM en raison de leur incapacit\u00e9 \u00e0 travailler d\u2019une fa\u00e7on professionnelle, de leur manque de cr\u00e9dibilit\u00e9 et de leur go\u00fbt prononc\u00e9 pour la propagande. A cela s\u2019ajoute aussi leur \u00e9chec dans la tentative de retrouver leur influence m\u00e9diatique par le lancement de nouvelles cha\u00eenes de t\u00e9l\u00e9vision, \u00e0 l\u2019instar de la cha\u00eene \u00abAl-Shaab \u00bb (le peuple).<\/li>\r\n \t<li>Les dissensions internes au sein des FM n\u2019ont pas cess\u00e9 et les fractures se sont intensifi\u00e9es (ex. : les divergences au sein du mouvement Ennahda en Tunisie,des conflits grandissants entre trois principales factions, celles bas\u00e9es \u00e0 Londres et \u00e0 Istanbul et celle des partisans de Kamel, notamment apr\u00e8s le d\u00e9c\u00e8s d\u2019Ibrahim Mounir en novembre 2022) ; la comp\u00e9tition devint alors acharn\u00e9e pour briguer le poste de d\u00e9l\u00e9gu\u00e9 du Guide supr\u00eame<\/li>\r\n \t<li>Un rapprochement paradoxal a \u00e9t\u00e9 d\u00e9clar\u00e9 entre, d\u2019une part, les \u00c9tats du quatuor arabe (Arabie Saoudite, Emirats Arabes Unis, Bahre\u00efn et Egypte) et, d\u2019autre part, le Qatar et la Ce rapprochement semble, jusqu\u2019\u00e0 pr\u00e9sent, se faire au d\u00e9triment des int\u00e9r\u00eats des FM.<\/li>\r\n \t<li>Un renforcement de l\u2019embargo et des mesures hostiles ont \u00e9t\u00e9 prises \u00e0 l\u2019encontre des FM dans plusieurs pays au niveau international, comme l\u2019expulsion de tous les repr\u00e9sentants des FM au sein du Conseil des Musulmans d\u2019Allemagne le dimanche 18 septembre 2022, y compris les repr\u00e9sentants du Centre islamique de Munich et de l\u2019Union des \u00c9tudiants, les deux affili\u00e9s aux FM. En plus, le premier repr\u00e9sentant de l\u2019organisation internationale des FM en Allemagne, Ibrahim El-Zayat, consid\u00e9r\u00e9 comme \u00e9tant le tr\u00e9sorier des FM, a \u00e9t\u00e9 d\u00e9mis de toutes ses fonctions au sein du Conseil. L\u2019Autriche a \u00e9galement intensifi\u00e9 ses actions cette m\u00eame ann\u00e9e pour critiquer et d\u00e9manteler la rh\u00e9torique politique des FM, b\u00e9n\u00e9ficiant depuis la fin 2020 d\u2019un centre sp\u00e9cialis\u00e9 dans la documentation sur l\u2019islam politique (<em>Dokumentationsstelle politische Islam<\/em>).<\/li>\r\n<\/ul>\r\n<\/li>\r\n<\/ul>","protected":false},"excerpt":{"rendered":"Les FM ont continu\u00e9 \u00e0 confronter des revers qui les ont affaiblis encore davantage, notamment pour les raisons suivantes : Il y a eu une r\u00e9gression, plus prononc\u00e9e que jamais, de l\u2019influence m\u00e9diatique et mobilisatrice des FM en raison de leur incapacit\u00e9 \u00e0 travailler d\u2019une fa\u00e7on professionnelle, de leur manque de cr\u00e9dibilit\u00e9 et de leur [&hellip;]","protected":false},"featured_media":22548,"comment_status":"closed","ping_status":"closed","template":"","meta":{"_acf_changed":false},"product_brand":[],"product_cat":[236],"product_tag":[],"class_list":{"0":"post-22547","1":"product","2":"type-product","3":"status-publish","4":"has-post-thumbnail","6":"product_cat-books-fr","8":"first","9":"instock","10":"sale","11":"downloadable","12":"taxable","13":"shipping-taxable","14":"purchasable","15":"product-type-simple"},"acf":[],"_links":{"self":[{"href":"https:\/\/trendsresearch.org\/fr\/wp-json\/wp\/v2\/product\/22547","targetHints":{"allow":["GET"]}}],"collection":[{"href":"https:\/\/trendsresearch.org\/fr\/wp-json\/wp\/v2\/product"}],"about":[{"href":"https:\/\/trendsresearch.org\/fr\/wp-json\/wp\/v2\/types\/product"}],"replies":[{"embeddable":true,"href":"https:\/\/trendsresearch.org\/fr\/wp-json\/wp\/v2\/comments?post=22547"}],"wp:featuredmedia":[{"embeddable":true,"href":"https:\/\/trendsresearch.org\/fr\/wp-json\/wp\/v2\/media\/22548"}],"wp:attachment":[{"href":"https:\/\/trendsresearch.org\/fr\/wp-json\/wp\/v2\/media?parent=22547"}],"wp:term":[{"taxonomy":"product_brand","embeddable":true,"href":"https:\/\/trendsresearch.org\/fr\/wp-json\/wp\/v2\/product_brand?post=22547"},{"taxonomy":"product_cat","embeddable":true,"href":"https:\/\/trendsresearch.org\/fr\/wp-json\/wp\/v2\/product_cat?post=22547"},{"taxonomy":"product_tag","embeddable":true,"href":"https:\/\/trendsresearch.org\/fr\/wp-json\/wp\/v2\/product_tag?post=22547"}],"curies":[{"name":"wp","href":"https:\/\/api.w.org\/{rel}","templated":true}]}}